{"id":89,"date":"2024-07-22T14:04:09","date_gmt":"2024-07-22T14:04:09","guid":{"rendered":"https:\/\/marche-holidays.eu\/?page_id=89"},"modified":"2025-10-31T16:33:53","modified_gmt":"2025-10-31T16:33:53","slug":"studio-in-landhaus-bei-senigallia-marken-italien","status":"publish","type":"page","link":"https:\/\/marche-holidays.eu\/?page_id=89","title":{"rendered":"Studio in einem Landhaus mit Schwimmbad bei Senigallia, Marken, Italien"},"content":{"rendered":"\n<div class=\"wp-block-group alignfull has-global-padding is-layout-constrained wp-container-core-group-is-layout-490fa1db wp-block-group-is-layout-constrained\" style=\"padding-top:var(--wp--preset--spacing--50);padding-right:var(--wp--preset--spacing--50);padding-bottom:var(--wp--preset--spacing--50);padding-left:var(--wp--preset--spacing--50)\">\n<div class=\"wp-block-group has-global-padding is-layout-constrained wp-container-core-group-is-layout-650790e1 wp-block-group-is-layout-constrained\">\n<h1 class=\"wp-block-heading has-text-align-center has-x-large-font-size\"><\/h1>\n\n\n\n<div style=\"height:1.25rem\" aria-hidden=\"true\" class=\"wp-block-spacer\"><\/div>\n\n\n\n<p class=\"has-text-align-left\">Genie\u00dfen Sie Ihre wohltuende Ruhe in einem luxuri\u00f6sen Studio f\u00fcr zwei Personen in einem Landhaus mit Schwimmbad bei Senigallia, der Badeort mit dem \u201eSamtstrand\u201c an der Adria bei Ancona.<\/p>\n\n\n\n<div style=\"height:1.25rem\" aria-hidden=\"true\" class=\"wp-block-spacer\"><\/div>\n<\/div>\n\n\n\n<div style=\"height:var(--wp--preset--spacing--30)\" aria-hidden=\"true\" class=\"wp-block-spacer\"><\/div>\n<\/div>\n\n\n\n<div class=\"wp-block-group alignfull has-base-2-background-color has-background has-global-padding is-layout-constrained wp-container-core-group-is-layout-669513ed wp-block-group-is-layout-constrained\" style=\"margin-top:0;margin-bottom:0;padding-top:var(--wp--preset--spacing--50);padding-right:var(--wp--preset--spacing--50);padding-bottom:var(--wp--preset--spacing--50);padding-left:var(--wp--preset--spacing--50)\">\n<div class=\"wp-block-group is-vertical is-content-justification-center is-layout-flex wp-container-core-group-is-layout-52b864f0 wp-block-group-is-layout-flex\">\n<h2 class=\"wp-block-heading has-text-align-center is-style-asterisk\">Casa degli Oleandri<\/h2>\n\n\n\n<p><\/p>\n\n\n\n<p class=\"has-text-align-left\">In unserem Haus in den Marken, in der N\u00e4he von Senigallia an der Adriak\u00fcste,&nbsp;nicht weit von Ancona, haben wir ein sehr komfortables, sch\u00f6n eingerichtetes G\u00e4stestudio eingerichtet, das wir gerne an G\u00e4ste vermieten, die einerseits die Ruhe dieser l\u00e4ndlichen Gegend&nbsp;und andererseits die N\u00e4he zum Meer, das Strandleben oder die Sehensw\u00fcrdigkeiten zu sch\u00e4tzen wissen. Auch die nahe liegenden Apenninen laden ein zu einer erholsamen Wanderung.&nbsp; Das Studio bietet mit 45 qm reichlich Platz f\u00fcr 2 Erwachsene, keine Kinder. Sie sind unsere einzige G\u00e4ste.<\/p>\n\n\n\n<p class=\"has-text-align-left\"><\/p>\n\n\n\n<p>Hugo Meinders und Trudi Neelemaat<\/p>\n\n\n\n<p>Tel: +31 6 1536 6550<\/p>\n\n\n\n<p>Email: <a href=\"mailto:meindershugo@gmail.com\">meindershugo@gmail.com<\/a><\/p>\n\n\n\n<p>CIN: IT042045C2AVOG2PT7<\/p>\n<\/div>\n\n\n\n<div style=\"margin-top:0;margin-bottom:0;height:var(--wp--preset--spacing--40)\" aria-hidden=\"true\" class=\"wp-block-spacer\"><\/div>\n\n\n\n<div class=\"wp-block-columns alignwide is-layout-flex wp-container-core-columns-is-layout-d0bbbce0 wp-block-columns-is-layout-flex\">\n<div class=\"wp-block-column is-layout-flow wp-container-core-column-is-layout-e3d1c41b wp-block-column-is-layout-flow\">\n<h3 class=\"wp-block-heading has-text-align-left is-style-asterisk has-body-font-family has-medium-font-size\" style=\"font-style:normal;font-weight:600\">Unser Haus<\/h3>\n\n\n\n<p class=\"has-text-align-left\">Das Haus ist eine typische &#8220;Casa colonica&#8221; d.h. ein l\u00e4ngliches, gro\u00dfes Bauernhaus, in dem fr\u00fcher die Familie im 1. Stock wohnte und im Grundgescho\u00df sich die St\u00e4lle befanden. Das Haus wurde 2003 vollst\u00e4ndig renoviert, wobei die St\u00e4lle in komfortabelem Wohnraum umgewandelt wurden. Wir haben dabei die originellen Details so weit wie m\u00f6glich beibehalten, auf passende Material- und Farbkombinationen geachtet und weder bei den verwendeten Materialien, noch an der Einrichtung gespart. Das Haus ist Innen und Aussen in 2024 neu verputzt und gestrichen.<\/p>\n\n\n\n<p><img loading=\"lazy\" decoding=\"async\" width=\"370\" height=\"278\" class=\"wp-image-33\" style=\"width: 370px;\" src=\"https:\/\/marche-holidays.eu\/wp-content\/uploads\/2024\/07\/20240714_173422-scaled.jpg\" alt=\"\" srcset=\"https:\/\/marche-holidays.eu\/wp-content\/uploads\/2024\/07\/20240714_173422-scaled.jpg 2560w, https:\/\/marche-holidays.eu\/wp-content\/uploads\/2024\/07\/20240714_173422-300x225.jpg 300w, https:\/\/marche-holidays.eu\/wp-content\/uploads\/2024\/07\/20240714_173422-1024x768.jpg 1024w, https:\/\/marche-holidays.eu\/wp-content\/uploads\/2024\/07\/20240714_173422-768x576.jpg 768w, https:\/\/marche-holidays.eu\/wp-content\/uploads\/2024\/07\/20240714_173422-1536x1152.jpg 1536w, https:\/\/marche-holidays.eu\/wp-content\/uploads\/2024\/07\/20240714_173422-2048x1536.jpg 2048w\" sizes=\"auto, (max-width: 370px) 100vw, 370px\" \/><br>Das Grundst\u00fcck ist ungef\u00e4hr 4000 m<sup>2<\/sup>, vollst\u00e4ndig umz\u00e4unt, der Zugang erfolgt \u00fcber ein abschlie\u00dfbares Tor. Sie k\u00f6nnen daher sicher auf dem Grundst\u00fcck selbst parken.<\/p>\n\n\n\n<p>Das Haus liegt auf halber H\u00f6he eines H\u00fcgels in einem Tal, durch das der Flu\u00df Misa f\u00fchrt, einer von den vielen Fl\u00fcssen in den Marken, die von den Appenninen ins Adriatische Meer m\u00fcndet.&nbsp;&nbsp;<\/p>\n\n\n\n<p>Rund herum liegen Felder, die abwechselnd mit Getreide, Mais oder Sonnenblumen bewirtschaftet werden. Auf dem H\u00fcgelr\u00fccken oberhalb unseres Hauses befindet sich das D\u00f6rfchen Filetto, das zur K\u00fcstenstadt Senigallia geh\u00f6rt. Das Haus liegt an einem kleinen Landweg, die n\u00e4chsten Nachbarn sind Bauern und wohnen in 300 M. Entfernung.<\/p>\n\n\n\n<p>Die Umgebung ist l\u00e4ndlich, d.h. in bestimmten Perioden des Jahres wird das Land bewirtschaftet und es kann daher vorkommen, da\u00df Sie einen Traktor oder M\u00e4hdrescher auf den Feldern arbeiten sehen, bzw. h\u00f6ren.<\/p>\n\n\n\n<p>.<\/p>\n<\/div>\n\n\n\n<div class=\"wp-block-column is-layout-flow wp-container-core-column-is-layout-e3d1c41b wp-block-column-is-layout-flow\">\n<h3 class=\"wp-block-heading has-text-align-left is-style-asterisk has-body-font-family has-medium-font-size\" style=\"font-style:normal;font-weight:600\">Das G\u00e4stestudio<\/h3>\n\n\n\n<p class=\"has-text-align-left\">Das G\u00e4stestudio Ist eine selbst\u00e4ndige Wohneinheit in unserem Haus, mit eigenem Eingang und allem Komfort versehen.<\/p>\n\n\n\n<figure class=\"wp-block-image size-large\"><img loading=\"lazy\" decoding=\"async\" width=\"768\" height=\"1024\" src=\"https:\/\/marche-holidays.eu\/wp-content\/uploads\/2024\/07\/20240720_131926-768x1024.jpg\" alt=\"\" class=\"wp-image-51\" srcset=\"https:\/\/marche-holidays.eu\/wp-content\/uploads\/2024\/07\/20240720_131926-768x1024.jpg 768w, https:\/\/marche-holidays.eu\/wp-content\/uploads\/2024\/07\/20240720_131926-225x300.jpg 225w, https:\/\/marche-holidays.eu\/wp-content\/uploads\/2024\/07\/20240720_131926-1152x1536.jpg 1152w, https:\/\/marche-holidays.eu\/wp-content\/uploads\/2024\/07\/20240720_131926-1536x2048.jpg 1536w, https:\/\/marche-holidays.eu\/wp-content\/uploads\/2024\/07\/20240720_131926-scaled.jpg 1920w\" sizes=\"auto, (max-width: 768px) 100vw, 768px\" \/><\/figure>\n\n\n\n<p>Vor dem Haus k\u00f6nnen Sie herrlich unter den Platanen fr\u00fchst\u00fccken,&nbsp; ein Tisch und St\u00fchle stehen daf\u00fcr bereit.<\/p>\n\n\n\n<p>An der R\u00fcckseite haben Sie ihren eigenen Teil des Gartens und eine eigene \u00fcberdachte Terrasse (Portico) mit einem gro\u00dfen Tisch und vier St\u00fchlen und einem wunderbaren Blick \u00fcber die H\u00fcgellandschaft um unser Haus.<\/p>\n\n\n\n<p>In dem Garten stehen zwei komfortabelen Sonnenliegen und ein gro\u00dfer Sonnenschirm f\u00fcr Sie bereit.<\/p>\n\n\n\n<figure class=\"wp-block-image size-large\"><img loading=\"lazy\" decoding=\"async\" width=\"768\" height=\"1024\" src=\"https:\/\/marche-holidays.eu\/wp-content\/uploads\/2024\/07\/20240720_132643-768x1024.jpg\" alt=\"\" class=\"wp-image-63\" srcset=\"https:\/\/marche-holidays.eu\/wp-content\/uploads\/2024\/07\/20240720_132643-768x1024.jpg 768w, https:\/\/marche-holidays.eu\/wp-content\/uploads\/2024\/07\/20240720_132643-225x300.jpg 225w, https:\/\/marche-holidays.eu\/wp-content\/uploads\/2024\/07\/20240720_132643-1152x1536.jpg 1152w, https:\/\/marche-holidays.eu\/wp-content\/uploads\/2024\/07\/20240720_132643-1536x2048.jpg 1536w, https:\/\/marche-holidays.eu\/wp-content\/uploads\/2024\/07\/20240720_132643-scaled.jpg 1919w\" sizes=\"auto, (max-width: 768px) 100vw, 768px\" \/><\/figure>\n\n\n\n<figure class=\"wp-block-image size-large\"><img loading=\"lazy\" decoding=\"async\" width=\"768\" height=\"1024\" src=\"https:\/\/marche-holidays.eu\/wp-content\/uploads\/2024\/07\/20240720_132655-1-768x1024.jpg\" alt=\"\" class=\"wp-image-64\" srcset=\"https:\/\/marche-holidays.eu\/wp-content\/uploads\/2024\/07\/20240720_132655-1-768x1024.jpg 768w, https:\/\/marche-holidays.eu\/wp-content\/uploads\/2024\/07\/20240720_132655-1-225x300.jpg 225w, https:\/\/marche-holidays.eu\/wp-content\/uploads\/2024\/07\/20240720_132655-1-1152x1536.jpg 1152w, https:\/\/marche-holidays.eu\/wp-content\/uploads\/2024\/07\/20240720_132655-1-1536x2048.jpg 1536w, https:\/\/marche-holidays.eu\/wp-content\/uploads\/2024\/07\/20240720_132655-1-scaled.jpg 1920w\" sizes=\"auto, (max-width: 768px) 100vw, 768px\" \/><\/figure>\n<\/div>\n\n\n\n<div class=\"wp-block-column is-layout-flow wp-container-core-column-is-layout-e3d1c41b wp-block-column-is-layout-flow\">\n<h3 class=\"wp-block-heading has-text-align-left is-style-asterisk has-body-font-family has-medium-font-size\" style=\"font-style:normal;font-weight:600\">Garten und Schwimmbad<\/h3>\n\n\n\n<p>Der vollst\u00e4ndig eingezaunte Garten von ungef\u00e4hr 4000 M<sup>2 <\/sup>&nbsp;ist mit viel Geschmack angelegt. Oleander und Rosen sind allgegenw\u00e4rtig, daher die Name \u201eCasa degli Oleandri\u201c. Die bestehenden B\u00e4ume bieten wohltuenden Schatten, denn in den Marken kann es im Sommer schon richtig hei\u00df werden.<\/p>\n\n\n\n<figure class=\"wp-block-image size-full\"><img loading=\"lazy\" decoding=\"async\" width=\"539\" height=\"403\" src=\"https:\/\/marche-holidays.eu\/wp-content\/uploads\/2024\/07\/afbeelding-11.png\" alt=\"\" class=\"wp-image-32\" srcset=\"https:\/\/marche-holidays.eu\/wp-content\/uploads\/2024\/07\/afbeelding-11.png 539w, https:\/\/marche-holidays.eu\/wp-content\/uploads\/2024\/07\/afbeelding-11-300x224.png 300w\" sizes=\"auto, (max-width: 539px) 100vw, 539px\" \/><\/figure>\n\n\n\n<p class=\"has-text-align-left\">Sie sind unsere einzigen G\u00e4ste und schwimmen k\u00f6nnen Sie in unserem &nbsp;Pool (6 x 12 m).&nbsp;&nbsp;Dort stehen Ihnen zwei weiteren Sonnenliegen und ein gro\u00dfer Sonnenschirm zur Verf\u00fcgung.<\/p>\n\n\n\n<figure class=\"wp-block-image size-full\"><img loading=\"lazy\" decoding=\"async\" width=\"400\" height=\"300\" src=\"https:\/\/marche-holidays.eu\/wp-content\/uploads\/2024\/07\/afbeelding-4.png\" alt=\"\" class=\"wp-image-17\" srcset=\"https:\/\/marche-holidays.eu\/wp-content\/uploads\/2024\/07\/afbeelding-4.png 400w, https:\/\/marche-holidays.eu\/wp-content\/uploads\/2024\/07\/afbeelding-4-300x225.png 300w\" sizes=\"auto, (max-width: 400px) 100vw, 400px\" \/><\/figure>\n<\/div>\n<\/div>\n\n\n\n<div style=\"height:24px\" aria-hidden=\"true\" class=\"wp-block-spacer\"><\/div>\n\n\n\n<div class=\"wp-block-columns alignwide is-layout-flex wp-container-core-columns-is-layout-d0bbbce0 wp-block-columns-is-layout-flex\">\n<div class=\"wp-block-column is-layout-flow wp-container-core-column-is-layout-e3d1c41b wp-block-column-is-layout-flow\">\n<h3 class=\"wp-block-heading has-text-align-left is-style-asterisk has-body-font-family has-medium-font-size\" style=\"font-style:normal;font-weight:600\">Innenbereich<\/h3>\n\n\n\n<p class=\"has-text-align-left\">Das ca. 45 m<sup>2 <\/sup>&nbsp;gro\u00dfe Studio besteht aus einem Wohn-E\u00df-Schlafzimmer, einer K\u00fcchennische und einem Badezimmer mit Dusche.<\/p>\n\n\n\n<p class=\"has-text-align-left\">Die sorgf\u00e4ltig ausgew\u00e4hlte Einrichting ist eine Mischung aus l\u00e4ndlich und modern.<\/p>\n\n\n\n<p>Die K\u00fcche ist vollst\u00e4ndig eingerichtet, mit 4er-Gasplatte, Elektrobackofen, K\u00fchlschrank und Dunstabzugs-haube.&nbsp;&nbsp;Geniessen Sie Ihren Espresso aus der Nespresso\u00ae machine!<\/p>\n\n\n\n<p class=\"has-text-align-left\">Teller, Gl\u00e4ser und Besteck sind guter Qualit\u00e4t und ausreichend vorhanden.<\/p>\n\n\n\n<figure class=\"wp-block-image size-full\"><img loading=\"lazy\" decoding=\"async\" width=\"400\" height=\"300\" src=\"https:\/\/marche-holidays.eu\/wp-content\/uploads\/2024\/07\/afbeelding-5.png\" alt=\"\" class=\"wp-image-18\" srcset=\"https:\/\/marche-holidays.eu\/wp-content\/uploads\/2024\/07\/afbeelding-5.png 400w, https:\/\/marche-holidays.eu\/wp-content\/uploads\/2024\/07\/afbeelding-5-300x225.png 300w\" sizes=\"auto, (max-width: 400px) 100vw, 400px\" \/><\/figure>\n\n\n\n<p class=\"has-text-align-left\"><br>Wir w\u00fcrden es sch\u00e4tzen, wenn Sie im Studio nicht rauchen.<br><br>Das Studio hat Zentralheizung und Airconditioning. Wenn Sie mehr K\u00fchlung brauchen, gibt es auch noch einen Deckenventilator. Dank der dicken Mauer ist es angenehm k\u00fchl im Sommer.<\/p>\n\n\n\n<p class=\"has-text-align-left\"><img loading=\"lazy\" decoding=\"async\" width=\"350\" height=\"467\" class=\"wp-image-59\" style=\"width: 350px;\" src=\"https:\/\/marche-holidays.eu\/wp-content\/uploads\/2024\/07\/20240720_132430-1-scaled.jpg\" alt=\"\" srcset=\"https:\/\/marche-holidays.eu\/wp-content\/uploads\/2024\/07\/20240720_132430-1-scaled.jpg 1919w, https:\/\/marche-holidays.eu\/wp-content\/uploads\/2024\/07\/20240720_132430-1-225x300.jpg 225w, https:\/\/marche-holidays.eu\/wp-content\/uploads\/2024\/07\/20240720_132430-1-768x1024.jpg 768w, https:\/\/marche-holidays.eu\/wp-content\/uploads\/2024\/07\/20240720_132430-1-1152x1536.jpg 1152w, https:\/\/marche-holidays.eu\/wp-content\/uploads\/2024\/07\/20240720_132430-1-1536x2048.jpg 1536w\" sizes=\"auto, (max-width: 350px) 100vw, 350px\" \/><\/p>\n\n\n\n<p class=\"has-text-align-left\"><\/p>\n\n\n\n<p><\/p>\n<\/div>\n\n\n\n<div class=\"wp-block-column is-layout-flow wp-container-core-column-is-layout-e3d1c41b wp-block-column-is-layout-flow\">\n<h3 class=\"wp-block-heading has-text-align-left is-style-asterisk has-body-font-family has-medium-font-size\" style=\"font-style:normal;font-weight:600\">Einrichtung<\/h3>\n\n\n\n<p class=\"has-text-align-left\">Sie haben&nbsp;eine CD und DVD-Installation und Satellit-TV (Canal+).<\/p>\n\n\n\n<p>Telefon bieten wir nicht an, ein Handy mitzunehmen, ist daher keine schlechte Idee. Internet ist vorhanden.<\/p>\n\n\n\n<p>Die zwei Betten haben Taschenfederkern-matratzen und messen 90&#215;200 cm.<\/p>\n\n\n\n<figure class=\"wp-block-image size-large\"><img loading=\"lazy\" decoding=\"async\" width=\"1024\" height=\"768\" src=\"https:\/\/marche-holidays.eu\/wp-content\/uploads\/2024\/07\/20240720_132445-1-1024x768.jpg\" alt=\"\" class=\"wp-image-60\" srcset=\"https:\/\/marche-holidays.eu\/wp-content\/uploads\/2024\/07\/20240720_132445-1-1024x768.jpg 1024w, https:\/\/marche-holidays.eu\/wp-content\/uploads\/2024\/07\/20240720_132445-1-300x225.jpg 300w, https:\/\/marche-holidays.eu\/wp-content\/uploads\/2024\/07\/20240720_132445-1-768x576.jpg 768w, https:\/\/marche-holidays.eu\/wp-content\/uploads\/2024\/07\/20240720_132445-1-1536x1152.jpg 1536w, https:\/\/marche-holidays.eu\/wp-content\/uploads\/2024\/07\/20240720_132445-1-2048x1536.jpg 2048w\" sizes=\"auto, (max-width: 1024px) 100vw, 1024px\" \/><\/figure>\n\n\n\n<figure class=\"wp-block-image size-large\"><img loading=\"lazy\" decoding=\"async\" width=\"768\" height=\"1024\" src=\"https:\/\/marche-holidays.eu\/wp-content\/uploads\/2024\/07\/20240720_132322-768x1024.jpg\" alt=\"\" class=\"wp-image-46\" srcset=\"https:\/\/marche-holidays.eu\/wp-content\/uploads\/2024\/07\/20240720_132322-768x1024.jpg 768w, https:\/\/marche-holidays.eu\/wp-content\/uploads\/2024\/07\/20240720_132322-225x300.jpg 225w, https:\/\/marche-holidays.eu\/wp-content\/uploads\/2024\/07\/20240720_132322-1152x1536.jpg 1152w, https:\/\/marche-holidays.eu\/wp-content\/uploads\/2024\/07\/20240720_132322-1536x2048.jpg 1536w, https:\/\/marche-holidays.eu\/wp-content\/uploads\/2024\/07\/20240720_132322-scaled.jpg 1920w\" sizes=\"auto, (max-width: 768px) 100vw, 768px\" \/><\/figure>\n<\/div>\n\n\n\n<div class=\"wp-block-column is-layout-flow wp-container-core-column-is-layout-e3d1c41b wp-block-column-is-layout-flow\">\n<h3 class=\"wp-block-heading has-text-align-left is-style-asterisk has-body-font-family has-medium-font-size\" style=\"font-style:normal;font-weight:600\">Das Badezimmer<\/h3>\n\n\n\n<p class=\"has-text-align-left\">Das gepflegte, ger\u00e4umige Badezimmer hat eine Dusche, WC, Bidet und einen gro\u00dfen&nbsp;Wasch-becken.<\/p>\n\n\n\n<p>Sie k\u00f6nnen weiter die Waschmaschine in unserem separaten Waschraum geb\u00fchrenfrei benutzen, B\u00fcgeleisen und -Brett sind vorhanden.<\/p>\n\n\n\n<figure class=\"wp-block-image size-full is-resized\"><img loading=\"lazy\" decoding=\"async\" width=\"311\" height=\"291\" src=\"https:\/\/marche-holidays.eu\/wp-content\/uploads\/2024\/07\/afbeelding-9.png\" alt=\"\" class=\"wp-image-22\" style=\"width:384px;height:auto\" srcset=\"https:\/\/marche-holidays.eu\/wp-content\/uploads\/2024\/07\/afbeelding-9.png 311w, https:\/\/marche-holidays.eu\/wp-content\/uploads\/2024\/07\/afbeelding-9-300x281.png 300w\" sizes=\"auto, (max-width: 311px) 100vw, 311px\" \/><\/figure>\n\n\n\n<figure class=\"wp-block-image size-full\"><img loading=\"lazy\" decoding=\"async\" width=\"1920\" height=\"2560\" src=\"https:\/\/marche-holidays.eu\/wp-content\/uploads\/2024\/07\/20240720_131845-scaled.jpg\" alt=\"\" class=\"wp-image-44\" srcset=\"https:\/\/marche-holidays.eu\/wp-content\/uploads\/2024\/07\/20240720_131845-scaled.jpg 1920w, https:\/\/marche-holidays.eu\/wp-content\/uploads\/2024\/07\/20240720_131845-225x300.jpg 225w, https:\/\/marche-holidays.eu\/wp-content\/uploads\/2024\/07\/20240720_131845-768x1024.jpg 768w, https:\/\/marche-holidays.eu\/wp-content\/uploads\/2024\/07\/20240720_131845-1152x1536.jpg 1152w, https:\/\/marche-holidays.eu\/wp-content\/uploads\/2024\/07\/20240720_131845-1536x2048.jpg 1536w\" sizes=\"auto, (max-width: 1920px) 100vw, 1920px\" \/><\/figure>\n\n\n\n<figure class=\"wp-block-image size-full\"><img loading=\"lazy\" decoding=\"async\" width=\"1920\" height=\"2560\" src=\"https:\/\/marche-holidays.eu\/wp-content\/uploads\/2024\/07\/20240720_131856-scaled.jpg\" alt=\"\" class=\"wp-image-45\" srcset=\"https:\/\/marche-holidays.eu\/wp-content\/uploads\/2024\/07\/20240720_131856-scaled.jpg 1920w, https:\/\/marche-holidays.eu\/wp-content\/uploads\/2024\/07\/20240720_131856-225x300.jpg 225w, https:\/\/marche-holidays.eu\/wp-content\/uploads\/2024\/07\/20240720_131856-768x1024.jpg 768w, https:\/\/marche-holidays.eu\/wp-content\/uploads\/2024\/07\/20240720_131856-1152x1536.jpg 1152w, https:\/\/marche-holidays.eu\/wp-content\/uploads\/2024\/07\/20240720_131856-1536x2048.jpg 1536w\" sizes=\"auto, (max-width: 1920px) 100vw, 1920px\" \/><\/figure>\n<\/div>\n<\/div>\n<\/div>\n\n\n\n<div class=\"wp-block-group alignfull has-global-padding is-layout-constrained wp-container-core-group-is-layout-d89aad35 wp-block-group-is-layout-constrained\" style=\"margin-top:0;margin-bottom:0;padding-top:var(--wp--preset--spacing--50);padding-right:var(--wp--preset--spacing--50);padding-bottom:var(--wp--preset--spacing--50);padding-left:var(--wp--preset--spacing--50)\">\n<div class=\"wp-block-group alignwide has-global-padding is-layout-constrained wp-container-core-group-is-layout-19e250f3 wp-block-group-is-layout-constrained\">\n<div class=\"wp-block-group is-vertical is-content-justification-center is-layout-flex wp-container-core-group-is-layout-6329a8f3 wp-block-group-is-layout-flex\">\n<h2 class=\"wp-block-heading has-text-align-center is-style-asterisk\">Mietpreise<\/h2>\n\n\n\n<p class=\"has-text-align-left\">Preise 2026:<\/p>\n\n\n\n<p class=\"has-text-align-left\">13. Juni &#8211; 20. Juni 2026: 625 Euro\/Woche<\/p>\n\n\n\n<p class=\"has-text-align-left\">20. Juni &#8211; 5. September 2026: 715 Euro\/Woche<\/p>\n\n\n\n<p>Der Preis beinhaltet den Touristensteuer von 1 euro p.P.p.N. und die Endreinigung.<\/p>\n\n\n\n<p class=\"has-text-align-left\"><\/p>\n\n\n\n<p class=\"has-text-align-left\">Anzahlung bei der Reservierung: <\/p>\n\n\n\n<p class=\"has-text-align-left\">200 f\u00fcr eine Woche, 300 Euro f\u00fcr zwei Wochen <\/p>\n\n\n\n<p>Rest der Mietsumme: 2 Monate vor Ankunft.<\/p>\n\n\n\n<p>Sie k\u00f6nnen bei uns Bettw\u00e4sche und\/oder einen Set (Bade)handt\u00fccher mieten.<\/p>\n\n\n\n<p><\/p>\n\n\n\n<p>Das Studio ist noch vom 13. bis zum 27. Juni und vom 4.bis zum 11. Juli 2026 frei.<\/p>\n<\/div>\n\n\n\n<div style=\"height:var(--wp--preset--spacing--40)\" aria-hidden=\"true\" class=\"wp-block-spacer\"><\/div>\n\n\n\n<div class=\"wp-block-columns alignwide is-layout-flex wp-container-core-columns-is-layout-d1c656ed wp-block-columns-is-layout-flex\">\n<div class=\"wp-block-column is-vertically-aligned-center is-layout-flow wp-block-column-is-layout-flow\" style=\"flex-basis:40%\">\n<h3 class=\"wp-block-heading is-style-asterisk\">Touristische Information<\/h3>\n\n\n\n<p>Unser Haus liegt in Filetto, in der N\u00e4he von Senigallia (7 Km, 10 Minuten im Auto).<\/p>\n\n\n\n<p>Senigallia<\/p>\n\n\n\n<p>Senigallia ist eine alte Stadt, die erste Siedlung der jungen Rom-Republik an der Adriak\u00fcste mit einem alten Zentrum voller historischer Backsteinh\u00e4user, schmalen schattenreichen Stra\u00dfen, vielen Pl\u00e4tzen, einem alten Fort (die Rocca Roveresca) und sch\u00f6nen Arkaden entlang dem Flu\u00df Misa, der dort in die Adria m\u00fcndet. Der alte Markt, der Foro Annonario, wurde vollst\u00e4ndig zum fr\u00fcheren Glanz restauriert und bietet jeden Morgen frisches Obst und Gem\u00fcse und Fisch direkt vom Meer. Die kleinen L\u00e4den am Markt verkaufen frische Milchwaren, Fleisch, Fisch, \u00f6rtliche Fleischwaren und Schinken, usw. Donnerstags ist Markttag. In der gesamten Stadt finden sich Marktst\u00e4lle mit Kleidung, Schuhen, Haushaltswaren, Lederwaren, Accessoires, Textilwaren, etc. &nbsp;In Senigallia haben im Sommer die Gesch\u00e4fte bis Mitternachts auf, sind aber zwischen 13 und 16 Uhr geschlossen. Es gibt zwei gro\u00dfe Superm\u00e4rkte, die jeden Tag ge\u00f6ffnet sind, im Sommer auch Sonntags.<\/p>\n\n\n\n<p>Senigallia ist auch ein typisch italienischer Badeort, sehr lebendig im Juli und August, wenn die Kinder und Enkelkinder mit den (Gro\u00df)Eltern f\u00fcr die Sommerferien am Meer zusammentreffen, so wie italienische Familien es bereits \u00fcber Jahrzehnte machen. Mindestens ein Mal sollte man seinen Aperitivo auf einer der vielen Terrassen genossen haben, zwischen 5 und 8 Uhr abends. An den warmen Tagen kommen dann die Leute wieder aus dem Haus, auf den Strassen herrscht eine wundersch\u00f6ne Atmosph\u00e4re und man h\u00f6rt das vertraute Ger\u00e4usch der vielen Gespr\u00e4che, die dann selbstverst\u00e4ndlich gef\u00fchrt werden. Abends ein Eis aus einer der vielen Eisdielen zu geniessen, ist eine weitere, schwer abzugew\u00f6hnende Gewohnheit &#8211; aber dann auch wie die Italiener um 11 Uhr abends mit der ganzen Familie, auch den Kleinsten. In den Monaten Juli und August gibt es abends im alten Zentrum viele Aktivit\u00e4ten: Konzerte, Theater, alles im Freien.&nbsp;&nbsp;<\/p>\n\n\n\n<p>Wie an italienischen Str\u00e4nden, ist im Sommer hier der sch\u00f6ne Sandstrand voller italienischen Familien, die \u201eihren\u201c Platz wiedergefunden haben. Ein St\u00fcckchen weiter entlang der Strandpromenade finden Sie dagegen ohne weiteres einen sch\u00f6nen freien Platz, ohne da\u00df Sie daf\u00fcr bezahlen m\u00fcssen.<\/p>\n\n\n\n<p>Au\u00dferhalb der Saison im Mai und Juni ist das Wetter bereits sch\u00f6n, Sie k\u00f6nnen schon im Meer schwimmen, alles ist ge\u00f6ffnet und wird auf dem kommenden Sommer vorbereitet. In September und Oktober ist die Ruhe zur\u00fcckgekehrt, das Wetter ist normalerweise recht gut und das Meereswasser noch warm genug zum Baden. Die ganze Sommerbauten werden wieder entfernt bis zum n\u00e4chsten Sommer, der Strand wird langsam wieder leer und Hunde k\u00f6nnen dort&nbsp; nach Herzens Lust wieder herumtoben. Die meisten Hotels, Restaurants und Caf\u00e9s entlang des kilometerlangen Boulevards sind dann zwar bereits geschlossen, in der Stadt bleiben dagegen die meisten das ganze Jahr ge\u00f6ffnet.<\/p>\n\n\n\n<figure class=\"wp-block-table\"><table class=\"has-fixed-layout\"><tbody><tr><td>Die Umgebung <br>5 Km landeinw\u00e4rts liegt Ostra, eine kleine authentische Stadt mit ihren Backsteinmauern und einer guten Weinbar mit Jazzmusik im Sommer. Dann gibt es auch Aktivit\u00e4ten auf dem zentralen Piazza dei Martiri; die 1. Augustwoche findet ein interessanter Antikmarkt in einem der sch\u00f6nen Palazzi statt.&nbsp;10 Km weiter landeinw\u00e4rts finden Sie Corinaldo, ein Juwel mittelalterlicher Architektur, mit seinen Backsteinmauern und -H\u00e4usern und v\u00f6llig intaktem Renaissance-Zentrum. Auch hier gibt es im Sommer besondere Aktivit\u00e4ten, wie kostumierte Feste bei Fackellicht.&nbsp;Weiter im Inneren, nach Arcevia, kommen Sie in die Berge, wo Sie wundersch\u00f6ne Wanderungen machen k\u00f6nnen. Die Tropfsteinh\u00f6hlen von Frasassi sind sehr ausgedehnt und weltbekannt.&nbsp;In Jesi, Geburtsort des Komponsiten Pergolesi, gibt es viele sch\u00f6ne Gesch\u00e4fte f\u00fcr diejenige, die an Mode interessiert sind: eine lange Stra\u00dfe mit vielen Boutiques.&nbsp;Im Norden, entlang der K\u00fcste erreichen Sie zun\u00e4chst Fano am Ende der Via Flaminia aus der r\u00f6mischen Zeit, auch ein Badeort, und Pesaro, &nbsp;eine sehr sch\u00f6ne und chique Stadt und einer der wichtigsten Fischereihafen Italiens. Mehr im Inland finden Sie Urbino, einen H\u00f6hepunkt der italienischen Renaissance mit seinem Herzogenpalast und seinem Jahrhunderte alten Zentrum &#8211; wirklich eines der sch\u00f6nsten mittelalterlichen Zentren in Italien und Geburtsstadt des Malers Rafael.&nbsp;Im S\u00fcden liegt Ancona, eine sehr interessante Stadt mit F\u00e4hrhafen nach Griechenland und ins \u00f6stliche Mittelmeer. Weiter nach S\u00fcden, \u00fcber die sch\u00f6ne Panoramastrasse, finden Sie Numana und Sirolo, wundersch\u00f6ne kleine Badeorte an der steilen K\u00fcste des Monte Conero, mit seinen schneewei\u00dfen Kiesstr\u00e4nden.<\/td><\/tr><tr><td>Wein &nbsp;<br>Unser Haus liegt in zwei Weingebieten, dem des Verdicchio dei Castelli di Jesi und dem der Lacrima di Morra d\u2019Alba. Das erste ist ein trockener Wei\u00dfwein, fr\u00fcher au\u00dferhalb Italiens nur in den bekannten amphorenf\u00f6rmigen Flaschen erh\u00e4ltlich, jetzt besser bekannt f\u00fcr seine ausgezeichnete Qualit\u00e4t. Das Gebiet der Lacrima ist sehr klein, rund um die kleine Stadt Morro d\u2019Alba gelegen, produziert jedoch einen sch\u00f6nen runden Rotwein, samtig, mit einem w\u00fcrzigen Geschmack.&nbsp;Sie finden ohne weiteres Weing\u00fcter in der Gegend, wo Sie die Weine kosten und in den gew\u00fcnschten Mengen kaufen k\u00f6nnen.&nbsp;Um Ancona liegt das Gebiet des Rosso Conero, eines kr\u00e4ftigeren Rotwein.&nbsp;&nbsp;<\/td><\/tr><tr><td>Das Essen<br>Das Essen in den Marken kann man \u201ebodenst\u00e4ndig\u201c nennen: alles sehr frisch, direkt vom Feld (Deftiges), bzw. vom Meer (leicht und gesund), ganz nat\u00fcrlich zubereitet, ohne Schnickschnack, mit viel Gem\u00fcsen.&nbsp;Senigallia ist bekannt f\u00fcr seine Fischrestaurants, aber auch wegen seiner vieler Lokalen mit sehr guten Pizza- oder Pastagerichten im Zentrum oder entlang der Strandpromenade. Es bietet weiter zwei Michelin-Sterne-Restaurants: \u201eUliassi***\u201c und \u201eMadonnina del Pescatore**\u201c: beide f\u00fcr sich eine spezielle Erfahrung, haupts\u00e4chlich auf Fisch spezialisiert.&nbsp;Im Inland gibt es mehr Fleisch auf dem Tisch: Wildschwein, Pilze, Kaninchen, Huhn und Rindfleisch von der bekannten Marchigianarasse. Auch finden Sie dort (in San Lorenzo in Campo) ein tolles Restaurant: \u201eIl Giardino\u201c, bekannt f\u00fcr seine \u201eTagliata\u201c.&nbsp;Im Studio finden Sie Information \u00fcber vielen Restaurants, die wir f\u00fcr Sie gesammelt haben.&nbsp;&nbsp;<\/td><\/tr><tr><td>Sprachen&nbsp;<br>In Italien ist es nicht ohne weiteres so, da\u00df man Deutsch oder eine andere Fremdsprache spricht, so auch in den Marken. Man gibt sich jede M\u00fche, zu verstehen, was Sie sagen wollen. Erwarten Sie dagegen keine Region, die bereits vollst\u00e4ndig auf ausl\u00e4ndische Touristen vorbereitet ist; gerade das ist die Charme der Marken: Es ist einfach Original-Italien.&nbsp;&nbsp;<\/td><\/tr><tr><td>Wie erreichen Sie uns&nbsp;<br>Mit dem Auto aus den Norden \u00fcber die Autostrada A14 Bologna-Taranto, Ausfahrt Senigallia. Vom Inland (Toscana-Umbria) \u00fcber Gubbio-Fabriano-Jesi.&nbsp;&nbsp;<br>Mit dem Flugzeug (und einem gemieteten Auto) nach:         &#8211; Ancona-Falconara, eine halbe Stunde mit dem Auto, <br>&#8211; Roma (drei und ein halb Stunden mit dem Auto) <br>&#8211; Bologna (anderthalb Stundenmit dem Auto).&nbsp;&nbsp;<br>Mit dem Zug und umsteigen in Bologna oder Rimini.<\/td><\/tr><\/tbody><\/table><\/figure>\n<\/div>\n\n\n\n<div class=\"wp-block-column is-layout-flow wp-block-column-is-layout-flow\" style=\"flex-basis:50%\">\n<figure class=\"wp-block-image size-full is-resized is-style-rounded is-style-rounded--1\"><img loading=\"lazy\" decoding=\"async\" width=\"1920\" height=\"2560\" src=\"https:\/\/marche-holidays.eu\/wp-content\/uploads\/2024\/08\/20240804_222447-scaled.jpg\" alt=\"\" class=\"wp-image-122\" style=\"width:496px;height:auto\" srcset=\"https:\/\/marche-holidays.eu\/wp-content\/uploads\/2024\/08\/20240804_222447-scaled.jpg 1920w, https:\/\/marche-holidays.eu\/wp-content\/uploads\/2024\/08\/20240804_222447-225x300.jpg 225w, https:\/\/marche-holidays.eu\/wp-content\/uploads\/2024\/08\/20240804_222447-768x1024.jpg 768w, https:\/\/marche-holidays.eu\/wp-content\/uploads\/2024\/08\/20240804_222447-1152x1536.jpg 1152w, https:\/\/marche-holidays.eu\/wp-content\/uploads\/2024\/08\/20240804_222447-1536x2048.jpg 1536w\" sizes=\"auto, (max-width: 1920px) 100vw, 1920px\" \/><\/figure>\n\n\n\n<figure class=\"wp-block-image size-full is-resized is-style-rounded is-style-rounded--2\"><img loading=\"lazy\" decoding=\"async\" width=\"1920\" height=\"2560\" src=\"https:\/\/marche-holidays.eu\/wp-content\/uploads\/2024\/07\/20240702_135710-scaled.jpg\" alt=\"\" class=\"wp-image-65\" style=\"width:493px;height:auto\" srcset=\"https:\/\/marche-holidays.eu\/wp-content\/uploads\/2024\/07\/20240702_135710-scaled.jpg 1920w, https:\/\/marche-holidays.eu\/wp-content\/uploads\/2024\/07\/20240702_135710-225x300.jpg 225w, https:\/\/marche-holidays.eu\/wp-content\/uploads\/2024\/07\/20240702_135710-768x1024.jpg 768w, https:\/\/marche-holidays.eu\/wp-content\/uploads\/2024\/07\/20240702_135710-1152x1536.jpg 1152w, https:\/\/marche-holidays.eu\/wp-content\/uploads\/2024\/07\/20240702_135710-1536x2048.jpg 1536w\" sizes=\"auto, (max-width: 1920px) 100vw, 1920px\" \/><\/figure>\n<\/div>\n<\/div>\n\n\n\n<div style=\"height:var(--wp--preset--spacing--40)\" aria-hidden=\"true\" class=\"wp-block-spacer\"><\/div>\n\n\n\n<div class=\"wp-block-columns alignwide is-layout-flex wp-container-core-columns-is-layout-d1c656ed wp-block-columns-is-layout-flex\">\n<div class=\"wp-block-column is-layout-flow wp-block-column-is-layout-flow\" style=\"flex-basis:50%\">\n<figure class=\"wp-block-image size-full is-resized is-style-rounded is-style-rounded--3\"><img loading=\"lazy\" decoding=\"async\" width=\"2560\" height=\"1491\" src=\"https:\/\/marche-holidays.eu\/wp-content\/uploads\/2024\/07\/20240724_140827-1-scaled.jpg\" alt=\"\" class=\"wp-image-106\" style=\"width:492px;height:auto\" srcset=\"https:\/\/marche-holidays.eu\/wp-content\/uploads\/2024\/07\/20240724_140827-1-scaled.jpg 2560w, https:\/\/marche-holidays.eu\/wp-content\/uploads\/2024\/07\/20240724_140827-1-300x175.jpg 300w, https:\/\/marche-holidays.eu\/wp-content\/uploads\/2024\/07\/20240724_140827-1-1024x596.jpg 1024w, https:\/\/marche-holidays.eu\/wp-content\/uploads\/2024\/07\/20240724_140827-1-768x447.jpg 768w, https:\/\/marche-holidays.eu\/wp-content\/uploads\/2024\/07\/20240724_140827-1-1536x895.jpg 1536w, https:\/\/marche-holidays.eu\/wp-content\/uploads\/2024\/07\/20240724_140827-1-2048x1193.jpg 2048w\" sizes=\"auto, (max-width: 2560px) 100vw, 2560px\" \/><\/figure>\n<\/div>\n\n\n\n<div class=\"wp-block-column is-vertically-aligned-center is-layout-flow wp-block-column-is-layout-flow\" style=\"flex-basis:40%\">\n<h3 class=\"wp-block-heading is-style-asterisk\">Erfahrungen<\/h3>\n\n\n\n<ul style=\"line-height:1.75\" class=\"wp-block-list is-style-checkmark-list\">\n<li>Traumhaus, Traumlage, Traumwetter macht einen Traumurlaub. Wir haben es sehr genossen. Besonderen Dank an Trudi f\u00fcr die nimmer m\u00fcden Antworten, tollen Ausflugstipps und Restaurantempfehlungen (K&amp;W) 2007<\/li>\n\n\n\n<li>F\u00fcr die sch\u00f6ne Zeit, die wir in Ihrem Haus verbringen durften bedanken wir uns herzlich. Wir haben uns sehr wohl gef\u00fchlt! (J&amp;T)&nbsp; 2007<\/li>\n\n\n\n<li>Wir haben uns unendlich wohl gef\u00fchk in diesem sch\u00f6nen Haus. Das behagliche Studio war f\u00fcr uns Ausgangspunkt f\u00fcr viele Ausfl\u00fcge in die nahe und ferne Umgebung. (R.S.) 2008<\/li>\n\n\n\n<li>Wir hatten zwei wundervolle Urlaubswochen in Ihrem liebevoll eingerichteten Studio und haben uns dort sehr wohl gef\u00fchlt. Der Platz am Pool &#8211; traumhaft! (I&amp;A) 2009<\/li>\n\n\n\n<li>Nach jahrzehntelange Ferienhauserfahrung ist dies eins der sch\u00f6nsten H\u00e4user in denen wir gewohnt haben. Hinzu kommt die wunderch\u00f6ne Umgebung, das k\u00f6stliche Essen, die leckeren Weine und nat\u00fcrlich unsere Gastgeber. Herzlichen Dank f\u00fcr die guten Tipps f\u00fcr Restaurants und sehensw\u00fcrdigkeiten. (P&amp;R) 2011<\/li>\n\n\n\n<li>Wir haben in Ihrem Traumhaus 3 sehr sch\u00f6ne und erholsame Wochen verbracht. Uns hat es hier so gut gefallen, dass wir gerne wieder kommen. Bestimmt bleibt uns dieser Urlaub in besonders guter Erinnerung, weil Sie sich so aufmerksam und hilfsbereit um uns gek\u00fcmmert haben, herzlichen Dank daf\u00fcr! Wir w\u00fcnschen Ihnen weiterhin viel Freude in diesem sch\u00f6nen Land. (U&amp;M) 2012<\/li>\n\n\n\n<li>Wir haben hier wieder wundersch\u00f6ne Tage verbracht, in dieser sch\u00f6nen und perfekt ausgestatteten Wohnung. Dort f\u00fchlt man sich wohl; auch der Garten ist ein Traum! Vielen Dank f\u00fcr Alles (U&amp;M) 2018<\/li>\n<\/ul>\n<\/div>\n<\/div>\n<\/div>\n<\/div>\n\n\n\n<div class=\"wp-block-group alignfull has-base-color has-contrast-background-color has-text-color has-background has-global-padding is-layout-constrained wp-container-core-group-is-layout-ef3d885c wp-block-group-is-layout-constrained\" style=\"margin-top:0;margin-bottom:0;padding-top:var(--wp--preset--spacing--60);padding-right:var(--wp--preset--spacing--60);padding-bottom:var(--wp--preset--spacing--60);padding-left:var(--wp--preset--spacing--60)\">\n<div class=\"wp-block-group has-global-padding is-layout-constrained wp-block-group-is-layout-constrained\">\n<p class=\"has-text-align-center has-base-color has-text-color has-heading-font-family has-x-large-font-size\" style=\"line-height:1.2\">\n\t\t\t<em>&#8220;\u00c9tudes heeft ons duizenden uren werk bespaard en inzichten opgeleverd die we nooit voor mogelijk hadden gehouden.&#8221;<\/em>\n\t\t<\/p>\n\n\n\n<div style=\"height:var(--wp--preset--spacing--10)\" aria-hidden=\"true\" class=\"wp-block-spacer\"><\/div>\n\n\n\n<div class=\"wp-block-group is-vertical is-content-justification-center is-nowrap is-layout-flex wp-container-core-group-is-layout-2dc08cea wp-block-group-is-layout-flex\">\n\n\n<p class=\"has-text-align-center\" style=\"margin-top:var(--wp--preset--spacing--10);margin-bottom:0\">Annie Steiner<\/p>\n\n\n\n<p class=\"has-text-align-center has-contrast-3-color has-text-color has-small-font-size\" style=\"font-style:normal;font-weight:300\">CEO, Greenprint<\/p>\n<\/div>\n<\/div>\n<\/div>\n\n\n\n<div class=\"wp-block-group alignfull has-global-padding is-layout-constrained wp-container-core-group-is-layout-d89aad35 wp-block-group-is-layout-constrained\" style=\"margin-top:0;margin-bottom:0;padding-top:var(--wp--preset--spacing--50);padding-right:var(--wp--preset--spacing--50);padding-bottom:var(--wp--preset--spacing--50);padding-left:var(--wp--preset--spacing--50)\">\n<h2 class=\"wp-block-heading alignwide has-x-large-font-size\" style=\"margin-top:0;margin-bottom:var(--wp--preset--spacing--40);line-height:1\">Bekijk, lees, beluister<\/h2>\n\n\n\n<div class=\"wp-block-group alignwide has-global-padding is-layout-constrained wp-block-group-is-layout-constrained\">\n<div class=\"wp-block-query alignwide is-layout-flow wp-block-query-is-layout-flow\"><ul class=\"wp-block-post-template is-layout-flow wp-block-post-template-is-layout-flow\"><li class=\"wp-block-post post-1 post type-post status-publish format-standard hentry category-uncategorized\">\n\n<hr class=\"wp-block-separator has-text-color has-contrast-3-color has-alpha-channel-opacity has-contrast-3-background-color has-background alignwide is-style-wide\"\/>\n\n\n\n<div class=\"wp-block-columns alignwide are-vertically-aligned-center is-layout-flex wp-container-core-columns-is-layout-33233fb6 wp-block-columns-is-layout-flex\" style=\"margin-top:var(--wp--preset--spacing--20);margin-bottom:var(--wp--preset--spacing--20)\">\n<div class=\"wp-block-column is-vertically-aligned-center is-layout-flow wp-block-column-is-layout-flow\" style=\"flex-basis:72%\"><h2 style=\"font-size:clamp(0.984rem, 0.984rem + ((1vw - 0.2rem) * 0.86), 1.5rem);line-height:1.1;\" class=\"wp-block-post-title\"><a href=\"https:\/\/marche-holidays.eu\/?p=1\" target=\"_self\" >Hello world!<\/a><\/h2><\/div>\n\n\n\n<div class=\"wp-block-column is-vertically-aligned-center is-layout-flow wp-block-column-is-layout-flow\" style=\"flex-basis:28%\"><div class=\"wp-block-template-part\">\n\n<div class=\"wp-block-group has-global-padding is-layout-constrained wp-block-group-is-layout-constrained\">\n\t\n\t<div class=\"wp-block-group is-content-justification-left is-layout-flex wp-container-core-group-is-layout-dfe8e91f wp-block-group-is-layout-flex\">\n\t\t<div class=\"wp-block-post-date\"><time datetime=\"2024-07-14T10:04:50+00:00\"><a href=\"https:\/\/marche-holidays.eu\/?p=1\">jul 14, 2024<\/a><\/time><\/div>\n\n\t\t\n\t\t<p class=\"has-contrast-2-color has-text-color\">\u2014<\/p>\n\t\t\n\n\t\t\n\t\t<p class=\"has-small-font-size has-contrast-2-color has-text-color\">door<\/p>\n\t\t\n\n\t\t<div class=\"wp-block-post-author-name\"><a href=\"https:\/\/marche-holidays.eu\/?author=1\" target=\"_self\" class=\"wp-block-post-author-name__link\">marche-holidays<\/a><\/div>\n\n\t\t<div class=\"taxonomy-category wp-block-post-terms\"><span class=\"wp-block-post-terms__prefix\">in <\/span><a href=\"https:\/\/marche-holidays.eu\/?cat=1\" rel=\"tag\">Uncategorized<\/a><\/div>\n\n\t<\/div>\n\t\n<\/div>\n\n\n<\/div><\/div>\n<\/div>\n\n<\/li><\/ul>\n\n\n<div style=\"height:var(--wp--preset--spacing--30)\" aria-hidden=\"true\" class=\"wp-block-spacer\"><\/div>\n\n\n\n\n<\/div>\n<\/div>\n<\/div>\n\n\n\n<div class=\"wp-block-group alignfull has-global-padding is-layout-constrained wp-container-core-group-is-layout-d89aad35 wp-block-group-is-layout-constrained\" style=\"margin-top:0;margin-bottom:0;padding-top:var(--wp--preset--spacing--50);padding-right:var(--wp--preset--spacing--50);padding-bottom:var(--wp--preset--spacing--50);padding-left:var(--wp--preset--spacing--50)\">\n<div class=\"wp-block-group alignwide has-base-2-background-color has-background has-global-padding is-layout-constrained wp-container-core-group-is-layout-39412042 wp-block-group-is-layout-constrained\" style=\"border-radius:16px;padding-top:var(--wp--preset--spacing--40);padding-right:var(--wp--preset--spacing--50);padding-bottom:var(--wp--preset--spacing--40);padding-left:var(--wp--preset--spacing--50)\">\n<div style=\"height:var(--wp--preset--spacing--10)\" aria-hidden=\"true\" class=\"wp-block-spacer\"><\/div>\n\n\n\n<h2 class=\"wp-block-heading has-text-align-center has-x-large-font-size\">Word lid van 900+ abonnees<\/h2>\n\n\n\n<p class=\"has-text-align-center\">Blijf op de hoogte van alles wat je moet weten.<\/p>\n\n\n\n<div class=\"wp-block-buttons is-content-justification-center is-layout-flex wp-container-core-buttons-is-layout-a89b3969 wp-block-buttons-is-layout-flex\">\n<div class=\"wp-block-button\"><a class=\"wp-block-button__link wp-element-button\">Registreren<\/a><\/div>\n<\/div>\n\n\n\n<div style=\"height:var(--wp--preset--spacing--10)\" aria-hidden=\"true\" class=\"wp-block-spacer\"><\/div>\n<\/div>\n<\/div>\n","protected":false},"excerpt":{"rendered":"<p>Genie\u00dfen Sie Ihre wohltuende Ruhe in einem luxuri\u00f6sen Studio f\u00fcr zwei Personen in einem Landhaus mit Schwimmbad bei Senigallia, der Badeort mit dem \u201eSamtstrand\u201c an der Adria bei Ancona. Casa degli Oleandri In unserem Haus in den Marken, in der N\u00e4he von Senigallia an der Adriak\u00fcste,&nbsp;nicht weit von Ancona, haben wir ein sehr komfortables, sch\u00f6n [&hellip;]<\/p>\n","protected":false},"author":1,"featured_media":32,"parent":0,"menu_order":0,"comment_status":"closed","ping_status":"closed","template":"","meta":{"footnotes":""},"class_list":["post-89","page","type-page","status-publish","has-post-thumbnail","hentry"],"_links":{"self":[{"href":"https:\/\/marche-holidays.eu\/index.php?rest_route=\/wp\/v2\/pages\/89","targetHints":{"allow":["GET"]}}],"collection":[{"href":"https:\/\/marche-holidays.eu\/index.php?rest_route=\/wp\/v2\/pages"}],"about":[{"href":"https:\/\/marche-holidays.eu\/index.php?rest_route=\/wp\/v2\/types\/page"}],"author":[{"embeddable":true,"href":"https:\/\/marche-holidays.eu\/index.php?rest_route=\/wp\/v2\/users\/1"}],"replies":[{"embeddable":true,"href":"https:\/\/marche-holidays.eu\/index.php?rest_route=%2Fwp%2Fv2%2Fcomments&post=89"}],"version-history":[{"count":14,"href":"https:\/\/marche-holidays.eu\/index.php?rest_route=\/wp\/v2\/pages\/89\/revisions"}],"predecessor-version":[{"id":162,"href":"https:\/\/marche-holidays.eu\/index.php?rest_route=\/wp\/v2\/pages\/89\/revisions\/162"}],"wp:featuredmedia":[{"embeddable":true,"href":"https:\/\/marche-holidays.eu\/index.php?rest_route=\/wp\/v2\/media\/32"}],"wp:attachment":[{"href":"https:\/\/marche-holidays.eu\/index.php?rest_route=%2Fwp%2Fv2%2Fmedia&parent=89"}],"curies":[{"name":"wp","href":"https:\/\/api.w.org\/{rel}","templated":true}]}}